{"id":816,"date":"2021-08-18T21:04:56","date_gmt":"2021-08-18T19:04:56","guid":{"rendered":"https:\/\/www.levivier.ch\/companies\/"},"modified":"2022-11-24T10:11:10","modified_gmt":"2022-11-24T09:11:10","slug":"companies","status":"publish","type":"page","link":"https:\/\/www.levivier.ch\/fr\/companies\/","title":{"rendered":"Ecosyst\u00e8me"},"content":{"rendered":"\n<section id=\"text-block_7988b7d4737bdeb176d8d4a3c1448ae4\" class=\"section-text section section-text-columns\">\n    <div class=\"section-inner\">\n                                                <div class=\"row justify-content-between\">\n                    <div class=\"col-md-4 mb-3 mb-md-0\">\n                                                <p><strong>Le Vivier abrite un \u00e9cosyst\u00e8me unique d&rsquo;entrepreneurs suisses et internationaux passionn\u00e9s par le g\u00e9nie industriel.<\/strong><\/p>\n                                            <\/div>\n                    <div class=\"col-md-7\">\n                                                <p>Il concentre des entreprises du monde du g\u00e9nie industriel de haute technologie et de l&rsquo;innovation. Cette communaut\u00e9 d&rsquo;entrepreneurs mus par le m\u00eame \u00e9tat d&rsquo;esprit vous permet de mettre en place des collaborations et de cr\u00e9er des synergies qui favorisent l&rsquo;innovation et acc\u00e9l\u00e8rent votre succ\u00e8s.<\/p>\n<p>Rencontrez nos r\u00e9sidents : des start-up, de petites entreprises et des soci\u00e9t\u00e9s bien \u00e9tablies avec une exposition mondiale.<\/p>\n                                            <\/div>\n                <\/div>\n                <\/div>\n<\/section>\n\n    <section class=\"testimonials section\">\n        <div class=\"section-inner\">\n                            <h3 class=\"s-title pb-4\">T\u00e9moignages<\/h3>\n                                        <div class=\"row justify-content-between\">\n                    <div class=\"col-md-4 mb-xs-2r\">\n                                                    <img decoding=\"async\" src=\"https:\/\/www.levivier.ch\/wp-content\/uploads\/2021\/11\/kim-brugnetti-koord-web.jpg\" alt=\"\">\n                                                                            <div class=\"author\">\n                                <h6>Kim Brugnetti<\/h6>\n                                Cofondateur<br \/>\r\nKOORD S\u00e0rl                            <\/div>\n                                            <\/div>\n                    <div class=\"col-md-7\">\n                                                    <div class=\"d-flex flex-column h-100\">\n                                <p>KOORD con\u00e7oit et d\u00e9veloppe des solutions sur mesure qui combinent la m\u00e9canique, l\u2019\u00e9lectronique, le contr\u00f4le du mouvement et l\u2019IoT. Nos clients sont actifs dans un large \u00e9ventail de domaines industriels, en Suisse et \u00e0 l\u2019internationale. Ils nous font confiance pour transformer leurs id\u00e9es en r\u00e9alit\u00e9. KOORD couvre l\u2019ensemble du spectre du d\u00e9veloppement de nouveaux produits, de l\u2019id\u00e9ation au prototypage jusqu\u2019\u00e0 la production.<\/p>\n<p>Le Vivier nous offre un environnement professionnel dans lequel nous pouvons accueillir nos clients. Le parc technologique est bien situ\u00e9 et offre des services comme un grand parking, un restaurant, des salles de r\u00e9union, etc. L\u2019atmosph\u00e8re est amicale et le personnel et la direction sont tr\u00e8s accessibles.<\/p>\n<p>Etre bas\u00e9 au Vivier est excellent pour l\u2019image de notre entreprise.<\/p>\n                            <\/div>\n                                            <\/div>\n                <\/div>\n                            <div class=\"row justify-content-between\">\n                    <div class=\"col-md-4 mb-xs-2r\">\n                                                    <img decoding=\"async\" src=\"https:\/\/www.levivier.ch\/wp-content\/uploads\/2021\/11\/vlado-kujundzic-kvd-tech-web.jpg\" alt=\"\">\n                                                                            <div class=\"author\">\n                                <h6>Vlado Kujundzic<\/h6>\n                                Fondateur<br \/>\r\nKVD-TECH S\u00e0rl                            <\/div>\n                                            <\/div>\n                    <div class=\"col-md-7\">\n                                                    <div class=\"d-flex flex-column h-100\">\n                                <p>KVD-TECH produit des pi\u00e8ces m\u00e9caniques de pr\u00e9cision sur-mesure pour nos clients sp\u00e9cialis\u00e9s dans l&rsquo;automatisation et dans la production de machines industrielles. Lorsque l&rsquo;on travaille dans le domaine de la m\u00e9canique de pr\u00e9cision, il est important de garantir une temp\u00e9rature ambiante stable et j&rsquo;ai trouv\u00e9 l&rsquo;atelier id\u00e9al pour mon activit\u00e9 ici, au Vivier.<\/p>\n<p>\u2028J&rsquo;ai lanc\u00e9 KVD-TECH en 2016 en partant de z\u00e9ro et j&rsquo;ai la chance de pouvoir compter parmi mes clients plusieurs entreprises d\u2019ici. \u00catre bas\u00e9 au parc technologique du Vivier est un avantage qui fonctionne dans les deux sens, les autres entreprises ont un partenaire sur place qui peut produire les pi\u00e8ces dont ils ont besoin, et mon entreprise a gagn\u00e9 des clients fid\u00e8les. <\/p>\n<p>Comme KVD-TECH est en pleine croissance, j&rsquo;ai r\u00e9cemment doubl\u00e9 la taille de mon atelier. Avoir ce type de flexibilit\u00e9 est vraiment rassurant pour un propri\u00e9taire d&rsquo;entreprise. Au fil des ann\u00e9es, j&rsquo;ai connu diff\u00e9rentes personnes responsables des op\u00e9rations ici au Vivier, et elles ont toujours \u00e9t\u00e9 tr\u00e8s amicales et pr\u00eates \u00e0 aider.<\/p>\n                            <\/div>\n                                            <\/div>\n                <\/div>\n                            <div class=\"row justify-content-between\">\n                    <div class=\"col-md-4 mb-xs-2r\">\n                                                    <img decoding=\"async\" src=\"https:\/\/www.levivier.ch\/wp-content\/uploads\/2021\/11\/adriano-damato-firecom-swiss-web.jpg\" alt=\"\">\n                                                                            <div class=\"author\">\n                                <h6>Adriano D\u2019Amato<\/h6>\n                                Fondateur et Administrateur<br \/>\r\nFirecom Swiss SA                            <\/div>\n                                            <\/div>\n                    <div class=\"col-md-7\">\n                                                    <div class=\"d-flex flex-column h-100\">\n                                <p>Firecom Swiss est une soci\u00e9t\u00e9 fiduciaire qui offre ses services dans les domaines de comptabilit\u00e9, de fiscalit\u00e9 et d&rsquo;audit des comptes annuels, ainsi qu\u2019en ressources humaines et conseils d\u2019entreprise. <\/p>\n<p>Lorsque Firecom Swiss a \u00e9t\u00e9 fond\u00e9, il fallait choisir le si\u00e8ge de la soci\u00e9t\u00e9. Le Vivier a \u00e9t\u00e9 choisi rapidement, car je connaissais d\u00e9j\u00e0 le site. <\/p>\n<p>Je travaillais auparavant au centre-ville. Depuis mon installation au Vivier, mes d\u00e9placements se sont am\u00e9lior\u00e9s, fini les embouteillages ! Le stationnement est facile, l\u2019infrastructure est belle et moderne. La direction et le personnel sont tr\u00e8s attentifs \u00e0 mes besoins.<\/p>\n<p>Je me r\u00e9jouis de pouvoir rencontrer les autres r\u00e9sidents du Vivier afin de faire leur connaissance et de conna\u00eetre leur domaine d\u2019activit\u00e9.<\/p>\n                            <\/div>\n                                            <\/div>\n                <\/div>\n                    <\/div>\n    <\/section>\n\n\n\n<div style=\"height:30px\" aria-hidden=\"true\" class=\"wp-block-spacer\"><\/div>\n\n\n\n<div class=\"wp-block-group\"><div class=\"wp-block-group__inner-container is-layout-flow wp-block-group-is-layout-flow\">\n<h3 class=\"wp-block-heading\"><mark style=\"background-color:rgba(0, 0, 0, 0)\" class=\"has-inline-color has-bittersweet-color\">Residents<\/mark><\/h3>\n\n\n\n<div style=\"height:20px\" aria-hidden=\"true\" class=\"wp-block-spacer\"><\/div>\n\n\n\n\n\n<section id=\"gallery-block-block_a6626f4ed92cbee68895eaa5f0b9c2d5\" class=\"gallery-block section-gallery section\">\n    <div class=\"section-inner\">\n        <div class=\"s-content\">\n            <div class=\"row gx-4 gy-4\">\n                                    <div class=\"col-6 col-md-3\">\n                        <div class=\"img-wrap\">\n                                                            <a class=\"d-block\" target=\"_blank\" href=\"https:\/\/www.asyril.com\/\">\n                                                                <img decoding=\"async\" src=\"https:\/\/www.levivier.ch\/wp-content\/uploads\/2021\/11\/asyril-logo-01-01-300x155.png\" alt=\"\">\n                                                            <\/a>\n                                                    <\/div>\n                    <\/div>\n                                    <div class=\"col-6 col-md-3\">\n                        <div class=\"img-wrap\">\n                                                            <a class=\"d-block\" target=\"_blank\" href=\"https:\/\/www.beg-geol.ch\/\">\n                                                                <img decoding=\"async\" src=\"https:\/\/www.levivier.ch\/wp-content\/uploads\/2026\/03\/beg-sa-modifie-300x102.png\" alt=\"\">\n                                                            <\/a>\n                                                    <\/div>\n                    <\/div>\n                                    <div class=\"col-6 col-md-3\">\n                        <div class=\"img-wrap\">\n                                                            <img decoding=\"async\" src=\"https:\/\/www.levivier.ch\/wp-content\/uploads\/2025\/10\/bionomous-bw-new-300x58.png\" alt=\"\">\n                                                    <\/div>\n                    <\/div>\n                                    <div class=\"col-6 col-md-3\">\n                        <div class=\"img-wrap\">\n                                                            <a class=\"d-block\" target=\"_blank\" href=\"https:\/\/www.recycling-management.ch\/\">\n                                                                <img decoding=\"async\" src=\"https:\/\/www.levivier.ch\/wp-content\/uploads\/2021\/11\/cp-recycling-management-logo-1-300x120.png\" alt=\"\">\n                                                            <\/a>\n                                                    <\/div>\n                    <\/div>\n                                    <div class=\"col-6 col-md-3\">\n                        <div class=\"img-wrap\">\n                                                            <a class=\"d-block\" target=\"_blank\" href=\"https:\/\/www.cpautomation.ch\/\">\n                                                                <img decoding=\"async\" src=\"https:\/\/www.levivier.ch\/wp-content\/uploads\/2021\/12\/cpautomation-logo-web-1-carousel-300x152.png\" alt=\"\">\n                                                            <\/a>\n                                                    <\/div>\n                    <\/div>\n                                    <div class=\"col-6 col-md-3\">\n                        <div class=\"img-wrap\">\n                                                            <a class=\"d-block\" target=\"_blank\" href=\"https:\/\/www.eposintering.com\/\">\n                                                                <img decoding=\"async\" src=\"https:\/\/www.levivier.ch\/wp-content\/uploads\/2022\/01\/epos-bw-1.png\" alt=\"\">\n                                                            <\/a>\n                                                    <\/div>\n                    <\/div>\n                                    <div class=\"col-6 col-md-3\">\n                        <div class=\"img-wrap\">\n                                                            <a class=\"d-block\" target=\"_blank\" href=\"https:\/\/www.firecomsa.ch\/\">\n                                                                <img decoding=\"async\" src=\"https:\/\/www.levivier.ch\/wp-content\/uploads\/2022\/11\/firecom-swiss-logo-300x78.png\" alt=\"\">\n                                                            <\/a>\n                                                    <\/div>\n                    <\/div>\n                                    <div class=\"col-6 col-md-3\">\n                        <div class=\"img-wrap\">\n                                                            <a class=\"d-block\" target=\"_blank\" href=\"https:\/\/www.cleantech-alps.com\/fr\/acteurs\/details\/index.php?id=hydrotherma-swiss-ecological-technologies-sa\">\n                                                                <img decoding=\"async\" src=\"https:\/\/www.levivier.ch\/wp-content\/uploads\/2022\/03\/hydrotherma-swiss-ecological-technologies-707070-300x95.png\" alt=\"\">\n                                                            <\/a>\n                                                    <\/div>\n                    <\/div>\n                                    <div class=\"col-6 col-md-3\">\n                        <div class=\"img-wrap\">\n                                                            <a class=\"d-block\" target=\"_blank\" href=\"https:\/\/kvd-tech.ch\/\">\n                                                                <img decoding=\"async\" src=\"https:\/\/www.levivier.ch\/wp-content\/uploads\/2022\/03\/logo-kvd-vivier-300x103.png\" alt=\"\">\n                                                            <\/a>\n                                                    <\/div>\n                    <\/div>\n                                    <div class=\"col-6 col-md-3\">\n                        <div class=\"img-wrap\">\n                                                            <a class=\"d-block\" target=\"_blank\" href=\"https:\/\/www.maxinetwork.ch\/\">\n                                                                <img decoding=\"async\" src=\"https:\/\/www.levivier.ch\/wp-content\/uploads\/2026\/03\/maxinetwork-logo-modifie-300x86.png\" alt=\"\">\n                                                            <\/a>\n                                                    <\/div>\n                    <\/div>\n                                    <div class=\"col-6 col-md-3\">\n                        <div class=\"img-wrap\">\n                                                            <a class=\"d-block\" target=\"_blank\" href=\"https:\/\/www.meg-immuno.ch\/\">\n                                                                <img decoding=\"async\" src=\"https:\/\/www.levivier.ch\/wp-content\/uploads\/2022\/03\/megimmuno-707070-300x87.png\" alt=\"\">\n                                                            <\/a>\n                                                    <\/div>\n                    <\/div>\n                                    <div class=\"col-6 col-md-3\">\n                        <div class=\"img-wrap\">\n                                                            <a class=\"d-block\" target=\"_blank\" href=\"https:\/\/www.nivalisgroup.ch\/\">\n                                                                <img decoding=\"async\" src=\"https:\/\/www.levivier.ch\/wp-content\/uploads\/2021\/11\/nivalis-group-logo-plan-de-travail-1-copie-2-300x114.png\" alt=\"\">\n                                                            <\/a>\n                                                    <\/div>\n                    <\/div>\n                                    <div class=\"col-6 col-md-3\">\n                        <div class=\"img-wrap\">\n                                                            <a class=\"d-block\" target=\"_blank\" href=\"https:\/\/www.novae-restauration.ch\/\">\n                                                                <img decoding=\"async\" src=\"https:\/\/www.levivier.ch\/wp-content\/uploads\/2021\/11\/novae-logo-01-300x156.png\" alt=\"\">\n                                                            <\/a>\n                                                    <\/div>\n                    <\/div>\n                                    <div class=\"col-6 col-md-3\">\n                        <div class=\"img-wrap\">\n                                                            <img decoding=\"async\" src=\"https:\/\/www.levivier.ch\/wp-content\/uploads\/2026\/03\/pakem-logo01-300x86.png\" alt=\"\">\n                                                    <\/div>\n                    <\/div>\n                                    <div class=\"col-6 col-md-3\">\n                        <div class=\"img-wrap\">\n                                                            <a class=\"d-block\" target=\"_blank\" href=\"https:\/\/www.regenhu.com\/\">\n                                                                <img decoding=\"async\" src=\"https:\/\/www.levivier.ch\/wp-content\/uploads\/2021\/11\/regenhu-logo-plan-de-travail-1-300x50.png\" alt=\"\">\n                                                            <\/a>\n                                                    <\/div>\n                    <\/div>\n                                    <div class=\"col-6 col-md-3\">\n                        <div class=\"img-wrap\">\n                                                            <a class=\"d-block\" target=\"_blank\" href=\"https:\/\/www.sechsa.com\/\">\n                                                                <img decoding=\"async\" src=\"https:\/\/www.levivier.ch\/wp-content\/uploads\/2021\/11\/sech-logo-logo-300x78.png\" alt=\"\">\n                                                            <\/a>\n                                                    <\/div>\n                    <\/div>\n                                    <div class=\"col-6 col-md-3\">\n                        <div class=\"img-wrap\">\n                                                            <a class=\"d-block\" target=\"_blank\" href=\"https:\/\/venturi-incubateur.ch\/\">\n                                                                <img decoding=\"async\" src=\"https:\/\/www.levivier.ch\/wp-content\/uploads\/2021\/11\/venturi-logo-01-300x111.png\" alt=\"\">\n                                                            <\/a>\n                                                    <\/div>\n                    <\/div>\n                            <\/div>\n        <\/div>\n    <\/div>\n<\/section><\/div><\/div>\n","protected":false},"excerpt":{"rendered":"<p>Residents<\/p>\n","protected":false},"author":1,"featured_media":0,"parent":0,"menu_order":0,"comment_status":"closed","ping_status":"closed","template":"","meta":{"_acf_changed":false,"footnotes":""},"class_list":["post-816","page","type-page","status-publish","hentry"],"acf":[],"_links":{"self":[{"href":"https:\/\/www.levivier.ch\/fr\/wp-json\/wp\/v2\/pages\/816","targetHints":{"allow":["GET"]}}],"collection":[{"href":"https:\/\/www.levivier.ch\/fr\/wp-json\/wp\/v2\/pages"}],"about":[{"href":"https:\/\/www.levivier.ch\/fr\/wp-json\/wp\/v2\/types\/page"}],"author":[{"embeddable":true,"href":"https:\/\/www.levivier.ch\/fr\/wp-json\/wp\/v2\/users\/1"}],"replies":[{"embeddable":true,"href":"https:\/\/www.levivier.ch\/fr\/wp-json\/wp\/v2\/comments?post=816"}],"version-history":[{"count":6,"href":"https:\/\/www.levivier.ch\/fr\/wp-json\/wp\/v2\/pages\/816\/revisions"}],"predecessor-version":[{"id":1661,"href":"https:\/\/www.levivier.ch\/fr\/wp-json\/wp\/v2\/pages\/816\/revisions\/1661"}],"wp:attachment":[{"href":"https:\/\/www.levivier.ch\/fr\/wp-json\/wp\/v2\/media?parent=816"}],"curies":[{"name":"wp","href":"https:\/\/api.w.org\/{rel}","templated":true}]}}